{"id":3686,"date":"2021-07-12T14:27:00","date_gmt":"2021-07-12T12:27:00","guid":{"rendered":"https:\/\/kultur.henne-ordnung.de\/?post_type=projects&#038;p=3686"},"modified":"2024-02-16T18:55:24","modified_gmt":"2024-02-16T17:55:24","slug":"stipendien-sonderprogramm-der-senatsverwaltung-fur-kultur-und-europa","status":"publish","type":"projects","link":"https:\/\/kulturprojekte.berlin\/en\/projects\/stipendien-sonderprogramm-der-senatsverwaltung-fur-kultur-und-europa\/","title":{"rendered":"Special stipend programme launched by Berlin\u2019s Senate Department for Culture and Europe (in 2020)"},"content":{"rendered":"\n<section class=\"block block-anchor-nav\">\n\t<div class=\"container-fluid\">\n\t\t<div class=\"row\">\n\t\t\t\t\t\t \t\t\t\t<div class=\"col-xs-12 block-anchor-nav-buttons web-view\">\n\t\t\t\n\t\t\t\t\t\t\t\t\t\t<a class=\"button-rectangle button-border\" href=\"https:\/\/kulturprojekte.berlin\/\/stipendium.kulturprojekte.berlin\/de\/home\/\" role=\"button\" aria-pressed=\"false\" >\n\t\t\t\t\t\t\t<span class=\"button-label\">Stipendium.kulturprojekte<\/span>\n\t\t\t\t\t\t\t\t\t\t\t\t\t\t\t<span class=\"button-icon icon-external\" aria-hidden=\"true\"><\/span>\n\t\t\t\t\t\t\t\t\t\t\t\t\t<\/a>\n\t\t\t\t\n\t\t\t\t\t\t<\/div>\n\t\t\t\t\t<\/div>\n\t<\/div>\n\n\t\t\t<div class=\"col-xs-12 block-anchor-nav-buttons mobile-view\">\n\t\t\t\n\t\t\t\t\t\t\t\t\t<a class=\"button-rectangle button-border\" href=\"https:\/\/kulturprojekte.berlin\/\/stipendium.kulturprojekte.berlin\/de\/home\/\" role=\"button\" aria-pressed=\"false\" >\n\t\t\t\t\t\t<span class=\"button-label\">Stipendium.kulturprojekte<\/span>\n\t\t\t\t\t\t\t\t\t\t\t\t\t<span class=\"button-icon icon-external\" aria-hidden=\"true\"><\/span>\n\t\t\t\t\t\t\t\t\t\t\t<\/a>\n\t\t\t\t\n\t\t\t\t\t<\/div>\n\t<\/section>\n\n<section class=\"block block-copy\"  style=\"\">\n\t<div class=\"container-fluid\">\n\t\t<div class=\"row\">\n\t\t\t<div class=\"col-xs-12 col-md-offset-3 col-md-6\">\n\t\t\t\t<div class=\"box copy\">\n\t\t\t\t\t<p>Artists and curators were among the members of Berlin\u2019s cultural community most severely affected by the restrictions associated with the Covid-19 pandemic. In 2020, as a way of maintaining Berlin\u2019s diverse and dynamic cultural landscape and providing a long-term support boost, the Berlin Senate Department for Culture and Europe handed out up to 2,000 special stipends of \u20ac9,000 each to professional and independent Berlin-based artists. In addition, artists and curators who were dependent on help as a result of being prevented from carrying out their profession by the pandemic were also able apply for additional financial assistance.<\/p>\n<p>The application process was organised by Kulturprojekte Berlin. It launched on 31 August 2020 and came to an end on 11 September 2020.<\/p>\n<p>At the end of October, after the application documents had undergone a formal examination whereby all of the funding prerequisites and conditions had been met, the stipends were then allocated via lottery. Each of the artists who applied was sent either an acceptance or rejection letter in writing. The names of the stipend recipients who had been chosen were published on the application website <a class=\"extern\" title=\"Link zu externer Seite\" href=\"https:\/\/kulturprojekte.berlin\/\/stipendium.kulturprojekte.berlin\/de\/home\/\" target=\"_blank\" rel=\"noopener\">www.stipendium.kulturprojekte.berlin<\/a>\u00a0 as well as in a press release issued by the Senate Department for Culture and Europe.<\/p>\n<p>Please send all inquiries about the special stipend programme by e-mail to the Senate Department for Culture and Europe: <a href=\"mailto:Sonderstipendien@Kultur.berlin.de\">Sonderstipendien@Kultur.berlin.de<\/a>.<\/p>\n\t\t\t\t<\/div>\n\t\t\t<\/div>\n\t\t<\/div>\n\t\t\t<\/div>\n<\/section>\n\n\n<section class=\"block block-logos \" >\n    <div class=\"container-fluid\">\n\t\t<div class=\"row center-xs\">\n\t\t\t<div class=\"col-xs-12 col-sm-6\">\n\t\t\t\t<div class=\"box\">\n\t\t\t\t\t<div class=\"row center-xs middle-xs\">\n\t\t\t\t\t\t\n\t\t\t\t\t\t<div class=\"col-xs-4 col-md-3\">\n\t\t\t\t\t\t\t<div class=\"box margin-sixth-top\">\n\t\t\t\t\t\t\t\t\t\t\t\t\t\t\t\t<img decoding=\"async\" alt=\"A simple black symbol of an open book on a white background.\" src=\"https:\/\/kulturprojekte.berlin\/wp-content\/uploads\/2023\/05\/B_SEN_KuGZ_Logo_EN_V_P_1C.png\" style=\"display: inline-block; width: 100%\" \/>\n\n\t\t\t\t\t\t\t\t\t\t\t\t\t\t\t<\/div>\n\t\t\t\t\t\t<\/div>\n\t\t\t\t\t\t\t\t\t\t\t<\/div>\n\t\t\t\t<\/div>\n\t\t\t<\/div>\n        <\/div>\n    <\/div>\n<\/section>\n\n\n<section class=\"block block-teaser teaser-align-identical \" style=\"\">\n\t\n\t<div class=\"container-fluid padding-bottom-sixth\"><div class=\"row\"><div class=\"col-xs-12\"><h3 class=\"box zeplin-subHead04 uppercase\">Related projects<\/h3><\/div><\/div><\/div>\n\t\t\t\t\t<teaser-lane-with-buttons>\n\t\t\t\t<div class=\"teaser-lane-wrapper\" data-motion-text='{\"child\":\".box\",\"split\":false,\"motionX\":true}'>\n\t\t\t\t\t<ul class=\"teaser-lane\" tabindex=\"-1\">\n\t\t\t\t\t<li class=\"col-xs-8 col-sm-4 teaser-lane-slide teaser-projects col-padding-remove \">\n\t<div class=\"box\">\n\t\t<a href=\"https:\/\/kulturprojekte.berlin\/en\/projects\/creativecityberlin\/\" class=\"teaser teaser-page\">\n\t\t\t<div>\n\t\t\t\t<div class=\"teaser-image teaser-image-full motion-item\" aria-hidden=\"true\">\n\t\t\t\t\t\n\t\t<lazy-media-inline inline-template>\n\t\t\t<figure itemscope itemtype=\"http:\/\/schema.org\/ImageObject\" class=\"lazy-media-inline \" role=\"group\" id=\"media_69f39c35c34e2\">\n\t\t\t\t<script type=\"application\/json\" ref=\"data\">\n\t\t\t\t{\n\t\t\t\t\"sizes\" : {\"medium\":{\"file\":\"06-The-Big-Good-Future2-Foto-\\u00a9-Alexander-Rentsch-300x200.jpg\",\"width\":300,\"height\":200,\"mime-type\":\"image\\\/jpeg\"},\"large\":{\"file\":\"06-The-Big-Good-Future2-Foto-\\u00a9-Alexander-Rentsch-1024x683.jpg\",\"width\":1024,\"height\":683,\"mime-type\":\"image\\\/jpeg\"},\"thumbnail\":{\"file\":\"06-The-Big-Good-Future2-Foto-\\u00a9-Alexander-Rentsch-150x100.jpg\",\"width\":150,\"height\":100,\"mime-type\":\"image\\\/jpeg\"},\"medium_large\":{\"file\":\"06-The-Big-Good-Future2-Foto-\\u00a9-Alexander-Rentsch-768x512.jpg\",\"width\":768,\"height\":512,\"mime-type\":\"image\\\/jpeg\"},\"1536x1536\":{\"file\":\"06-The-Big-Good-Future2-Foto-\\u00a9-Alexander-Rentsch-1536x1024.jpg\",\"width\":1536,\"height\":1024,\"mime-type\":\"image\\\/jpeg\"},\"small\":{\"file\":\"06-The-Big-Good-Future2-Foto-\\u00a9-Alexander-Rentsch-440x293.jpg\",\"width\":440,\"height\":293,\"mime-type\":\"image\\\/jpeg\"},\"semi\":{\"file\":\"06-The-Big-Good-Future2-Foto-\\u00a9-Alexander-Rentsch-580x387.jpg\",\"width\":580,\"height\":387,\"mime-type\":\"image\\\/jpeg\"},\"mobile\":{\"file\":\"06-The-Big-Good-Future2-Foto-\\u00a9-Alexander-Rentsch-720x480.jpg\",\"width\":720,\"height\":480,\"mime-type\":\"image\\\/jpeg\"},\"hd\":{\"file\":\"06-The-Big-Good-Future2-Foto-\\u00a9-Alexander-Rentsch-1280x853.jpg\",\"width\":1280,\"height\":853,\"mime-type\":\"image\\\/jpeg\"},\"original\":{\"file\":\"06-The-Big-Good-Future2-Foto-\\u00a9-Alexander-Rentsch.jpg\",\"width\":1920,\"height\":1280}},\n\t\t\t\t\"alt\" : \"Person stands on a stage next to a podium and speaks into a microphone. A screen hangs behind the person.\",\n\t\t\t\t\"path\" : \"https:\\\/\\\/kultur-projekte.berlin\\\/wp-content\\\/uploads\\\/2020\\\/12\\\/\",\n\t\t\t\t\"video\" : null,\n\t\t\t\t\"autoplay\" : null,\n\t\t\t\t\"youtube\" : null,\n\t\t\t\t\"youtubelabel\" : \"Trailer abspielen\",\n\t\t\t\t\"brightness\" : 100,\n\t\t\t\t\"crop\" : {\"top\":\"27.04\",\"left\":\"53.99\"},\n\t\t\t\t\"background\" : true,\n\t\t\t\t\"scale\" : 2\t\t\t\t}\n\t\t\t\t<\/script>\n\t\t\t\t<div class=\"height-container\" style=\"padding-bottom:56%; \" v-if=\"sizes\">\n\t\t\t\t\t<lazy-media :inline=\"true\" :alt=\"alt\" :sizes=\"sizes\" :scale=\"scale\" :brightness=\"brightness\" :path=\"path\" :video=\"video\" :autoplay=\"autoplay\" :youtube=\"youtube\" :crop=\"crop\" :youtubelabel=\"youtubelabel\" :background=\"background\"><\/lazy-media>\n\t\t\t\t<\/div>\n\n\t\t\t\t\t\t\t<\/figure>\n\t\t<\/lazy-media-inline>\n\t\t\t\t\t\t<\/div>\n\t\t\t\t<div class=\"teaser-copy\">\n\t\t\t\t\t<div>\n\t\t\t\t\t\t<div class=\"teaser-header motion-item padding-top-minimal padding-bottom-minimal\"><div><h4 class=\"zeplin-teaserHeadline-M\">Creative City Berlin<\/h4><\/div><\/div>\n\t\t\t\t\t\t<div class=\"motion-item\"><p class=\"zeplin-teaserCopy clamp-3\">This community portal brings together Berlin-based artists, cultural creators and the creative industries.<\/p><\/div>\n\t\t\t\t\t<\/div>\n\t\t\t\t<\/div>\n\t\t\t<\/div>\n\t\t<\/a>\n\t<\/div>\n<\/li>\n<li class=\"col-xs-8 col-sm-4 teaser-lane-slide teaser-projects col-padding-remove \">\n\t<div class=\"box\">\n\t\t<a href=\"https:\/\/kulturprojekte.berlin\/en\/projects\/wissensstadt-2021\/\" class=\"teaser teaser-page\">\n\t\t\t<div>\n\t\t\t\t<div class=\"teaser-image teaser-image-full motion-item\" aria-hidden=\"true\">\n\t\t\t\t\t\n\t\t<lazy-media-inline inline-template>\n\t\t\t<figure itemscope itemtype=\"http:\/\/schema.org\/ImageObject\" class=\"lazy-media-inline \" role=\"group\" id=\"media_69f39c35c3ec4\">\n\t\t\t\t<script type=\"application\/json\" ref=\"data\">\n\t\t\t\t{\n\t\t\t\t\"sizes\" : {\"medium\":{\"file\":\"Platz_Aktionstag_Alexander_Rentsch-2-300x200.jpg\",\"width\":300,\"height\":200,\"mime-type\":\"image\\\/jpeg\"},\"large\":{\"file\":\"Platz_Aktionstag_Alexander_Rentsch-2-1024x683.jpg\",\"width\":1024,\"height\":683,\"mime-type\":\"image\\\/jpeg\"},\"thumbnail\":{\"file\":\"Platz_Aktionstag_Alexander_Rentsch-2-150x100.jpg\",\"width\":150,\"height\":100,\"mime-type\":\"image\\\/jpeg\"},\"medium_large\":{\"file\":\"Platz_Aktionstag_Alexander_Rentsch-2-768x512.jpg\",\"width\":768,\"height\":512,\"mime-type\":\"image\\\/jpeg\"},\"1536x1536\":{\"file\":\"Platz_Aktionstag_Alexander_Rentsch-2-1536x1024.jpg\",\"width\":1536,\"height\":1024,\"mime-type\":\"image\\\/jpeg\"},\"2048x2048\":{\"file\":\"Platz_Aktionstag_Alexander_Rentsch-2-2048x1365.jpg\",\"width\":2048,\"height\":1365,\"mime-type\":\"image\\\/jpeg\"},\"small\":{\"file\":\"Platz_Aktionstag_Alexander_Rentsch-2-440x293.jpg\",\"width\":440,\"height\":293,\"mime-type\":\"image\\\/jpeg\"},\"semi\":{\"file\":\"Platz_Aktionstag_Alexander_Rentsch-2-580x387.jpg\",\"width\":580,\"height\":387,\"mime-type\":\"image\\\/jpeg\"},\"mobile\":{\"file\":\"Platz_Aktionstag_Alexander_Rentsch-2-720x480.jpg\",\"width\":720,\"height\":480,\"mime-type\":\"image\\\/jpeg\"},\"hd\":{\"file\":\"Platz_Aktionstag_Alexander_Rentsch-2-1280x853.jpg\",\"width\":1280,\"height\":853,\"mime-type\":\"image\\\/jpeg\"},\"full\":{\"file\":\"Platz_Aktionstag_Alexander_Rentsch-2-1920x1280.jpg\",\"width\":1920,\"height\":1280,\"mime-type\":\"image\\\/jpeg\"},\"xxl\":{\"file\":\"Platz_Aktionstag_Alexander_Rentsch-2-4048x2699.jpg\",\"width\":4048,\"height\":2699,\"mime-type\":\"image\\\/jpeg\"},\"original\":{\"file\":\"Platz_Aktionstag_Alexander_Rentsch-2.jpg\",\"width\":6000,\"height\":4000}},\n\t\t\t\t\"alt\" : \"Red City Hall in Berlin, surrounded by trees and a square with temporary stalls and a construction site.\",\n\t\t\t\t\"path\" : \"https:\\\/\\\/kultur-projekte.berlin\\\/wp-content\\\/uploads\\\/2020\\\/12\\\/\",\n\t\t\t\t\"video\" : null,\n\t\t\t\t\"autoplay\" : null,\n\t\t\t\t\"youtube\" : null,\n\t\t\t\t\"youtubelabel\" : \"Trailer abspielen\",\n\t\t\t\t\"brightness\" : 100,\n\t\t\t\t\"crop\" : null,\n\t\t\t\t\"background\" : true,\n\t\t\t\t\"scale\" : 2\t\t\t\t}\n\t\t\t\t<\/script>\n\t\t\t\t<div class=\"height-container\" style=\"padding-bottom:56%; \" v-if=\"sizes\">\n\t\t\t\t\t<lazy-media :inline=\"true\" :alt=\"alt\" :sizes=\"sizes\" :scale=\"scale\" :brightness=\"brightness\" :path=\"path\" :video=\"video\" :autoplay=\"autoplay\" :youtube=\"youtube\" :crop=\"crop\" :youtubelabel=\"youtubelabel\" :background=\"background\"><\/lazy-media>\n\t\t\t\t<\/div>\n\n\t\t\t\t\t\t\t<\/figure>\n\t\t<\/lazy-media-inline>\n\t\t\t\t\t\t<\/div>\n\t\t\t\t<div class=\"teaser-copy\">\n\t\t\t\t\t<div>\n\t\t\t\t\t\t<div class=\"teaser-header motion-item padding-top-minimal padding-bottom-minimal\"><div><h4 class=\"zeplin-teaserHeadline-M\">Wissensstadt Berlin 2021<\/h4><\/div><\/div>\n\t\t\t\t\t\t<div class=\"motion-item\"><p class=\"zeplin-teaserCopy clamp-3\">2021 will showcase Berlin as one of the most exciting locations for science and research in Europe. <\/p><\/div>\n\t\t\t\t\t<\/div>\n\t\t\t\t<\/div>\n\t\t\t<\/div>\n\t\t<\/a>\n\t<\/div>\n<\/li>\n<li class=\"col-xs-8 col-sm-4 teaser-lane-slide teaser-projects col-padding-remove \">\n\t<div class=\"box\">\n\t\t<a href=\"https:\/\/kulturprojekte.berlin\/en\/projects\/kreativ-kultur-berlin\/\" class=\"teaser teaser-page\">\n\t\t\t<div>\n\t\t\t\t<div class=\"teaser-image teaser-image-full motion-item\" aria-hidden=\"true\">\n\t\t\t\t\t\n\t\t<lazy-media-inline inline-template>\n\t\t\t<figure itemscope itemtype=\"http:\/\/schema.org\/ImageObject\" class=\"lazy-media-inline \" role=\"group\" id=\"media_69f39c35c473c\">\n\t\t\t\t<script type=\"application\/json\" ref=\"data\">\n\t\t\t\t{\n\t\t\t\t\"sizes\" : {\"medium\":{\"file\":\"Screenshot-2026-04-29-102830-1-300x169.png\",\"width\":300,\"height\":169,\"mime-type\":\"image\\\/png\",\"filesize\":34438},\"thumbnail\":{\"file\":\"Screenshot-2026-04-29-102830-1-150x84.png\",\"width\":150,\"height\":84,\"mime-type\":\"image\\\/png\",\"filesize\":10068},\"medium_large\":{\"file\":\"Screenshot-2026-04-29-102830-1-768x432.png\",\"width\":768,\"height\":432,\"mime-type\":\"image\\\/png\",\"filesize\":190297},\"small\":{\"file\":\"Screenshot-2026-04-29-102830-1-440x247.png\",\"width\":440,\"height\":247,\"mime-type\":\"image\\\/png\",\"filesize\":68838},\"semi\":{\"file\":\"Screenshot-2026-04-29-102830-1-580x326.png\",\"width\":580,\"height\":326,\"mime-type\":\"image\\\/png\",\"filesize\":114479},\"mobile\":{\"file\":\"Screenshot-2026-04-29-102830-1-720x405.png\",\"width\":720,\"height\":405,\"mime-type\":\"image\\\/png\",\"filesize\":169744},\"original\":{\"file\":\"Screenshot-2026-04-29-102830-1.png\",\"width\":904,\"height\":508}},\n\t\t\t\t\"alt\" : \"A colorful design with \\\"10 Years of Creative Culture Berlin\\\" in modern fonts. Video with information about the 10 year anniversary of Kreativ Kultur Berlin.\",\n\t\t\t\t\"path\" : \"https:\\\/\\\/kultur-projekte.berlin\\\/wp-content\\\/uploads\\\/2026\\\/04\\\/\",\n\t\t\t\t\"video\" : null,\n\t\t\t\t\"autoplay\" : null,\n\t\t\t\t\"youtube\" : null,\n\t\t\t\t\"youtubelabel\" : \"Trailer abspielen\",\n\t\t\t\t\"brightness\" : 100,\n\t\t\t\t\"crop\" : null,\n\t\t\t\t\"background\" : true,\n\t\t\t\t\"scale\" : 2\t\t\t\t}\n\t\t\t\t<\/script>\n\t\t\t\t<div class=\"height-container\" style=\"padding-bottom:56%; \" v-if=\"sizes\">\n\t\t\t\t\t<lazy-media :inline=\"true\" :alt=\"alt\" :sizes=\"sizes\" :scale=\"scale\" :brightness=\"brightness\" :path=\"path\" :video=\"video\" :autoplay=\"autoplay\" :youtube=\"youtube\" :crop=\"crop\" :youtubelabel=\"youtubelabel\" :background=\"background\"><\/lazy-media>\n\t\t\t\t<\/div>\n\n\t\t\t\t\t\t\t<\/figure>\n\t\t<\/lazy-media-inline>\n\t\t\t\t\t\t<\/div>\n\t\t\t\t<div class=\"teaser-copy\">\n\t\t\t\t\t<div>\n\t\t\t\t\t\t<div class=\"teaser-header motion-item padding-top-minimal padding-bottom-minimal\"><div><h4 class=\"zeplin-teaserHeadline-M\">Kreativ Kultur Berlin<\/h4><\/div><\/div>\n\t\t\t\t\t\t<div class=\"motion-item\"><p class=\"zeplin-teaserCopy clamp-3\">Our consultation center is the first point of contact for cultural and creative professionals who have questions about the capital\u2019s funding and financing landscape.<\/p><\/div>\n\t\t\t\t\t<\/div>\n\t\t\t\t<\/div>\n\t\t\t<\/div>\n\t\t<\/a>\n\t<\/div>\n<\/li>\n<li class=\"col-xs-8 col-sm-4 teaser-lane-slide teaser-projects col-padding-remove \">\n\t<div class=\"box\">\n\t\t<a href=\"https:\/\/kulturprojekte.berlin\/projekte\/kulturelle-bildung\/\" class=\"teaser teaser-page\">\n\t\t\t<div>\n\t\t\t\t<div class=\"teaser-image teaser-image-full motion-item\" aria-hidden=\"true\">\n\t\t\t\t\t\n\t\t<lazy-media-inline inline-template>\n\t\t\t<figure itemscope itemtype=\"http:\/\/schema.org\/ImageObject\" class=\"lazy-media-inline \" role=\"group\" id=\"media_69f39c35c50ed\">\n\t\t\t\t<script type=\"application\/json\" ref=\"data\">\n\t\t\t\t{\n\t\t\t\t\"sizes\" : {\"medium\":{\"file\":\"ClubOval-Credit_Rene_Loeffler-300x200.jpg\",\"width\":300,\"height\":200,\"mime-type\":\"image\\\/jpeg\"},\"large\":{\"file\":\"ClubOval-Credit_Rene_Loeffler-1024x683.jpg\",\"width\":1024,\"height\":683,\"mime-type\":\"image\\\/jpeg\"},\"thumbnail\":{\"file\":\"ClubOval-Credit_Rene_Loeffler-150x100.jpg\",\"width\":150,\"height\":100,\"mime-type\":\"image\\\/jpeg\"},\"medium_large\":{\"file\":\"ClubOval-Credit_Rene_Loeffler-768x512.jpg\",\"width\":768,\"height\":512,\"mime-type\":\"image\\\/jpeg\"},\"small\":{\"file\":\"ClubOval-Credit_Rene_Loeffler-440x293.jpg\",\"width\":440,\"height\":293,\"mime-type\":\"image\\\/jpeg\"},\"semi\":{\"file\":\"ClubOval-Credit_Rene_Loeffler-580x387.jpg\",\"width\":580,\"height\":387,\"mime-type\":\"image\\\/jpeg\"},\"mobile\":{\"file\":\"ClubOval-Credit_Rene_Loeffler-720x480.jpg\",\"width\":720,\"height\":480,\"mime-type\":\"image\\\/jpeg\"},\"original\":{\"file\":\"ClubOval-Credit_Rene_Loeffler.jpg\",\"width\":1200,\"height\":800}},\n\t\t\t\t\"alt\" : \"Vier in schwarz gekleidete Personen tanzen auf einer B\\u00fchne, umrandet von Menschen.\",\n\t\t\t\t\"path\" : \"https:\\\/\\\/kultur-projekte.berlin\\\/wp-content\\\/uploads\\\/2021\\\/03\\\/\",\n\t\t\t\t\"video\" : null,\n\t\t\t\t\"autoplay\" : null,\n\t\t\t\t\"youtube\" : null,\n\t\t\t\t\"youtubelabel\" : \"Trailer abspielen\",\n\t\t\t\t\"brightness\" : 100,\n\t\t\t\t\"crop\" : null,\n\t\t\t\t\"background\" : true,\n\t\t\t\t\"scale\" : 2\t\t\t\t}\n\t\t\t\t<\/script>\n\t\t\t\t<div class=\"height-container\" style=\"padding-bottom:56%; \" v-if=\"sizes\">\n\t\t\t\t\t<lazy-media :inline=\"true\" :alt=\"alt\" :sizes=\"sizes\" :scale=\"scale\" :brightness=\"brightness\" :path=\"path\" :video=\"video\" :autoplay=\"autoplay\" :youtube=\"youtube\" :crop=\"crop\" :youtubelabel=\"youtubelabel\" :background=\"background\"><\/lazy-media>\n\t\t\t\t<\/div>\n\n\t\t\t\t\t\t\t<\/figure>\n\t\t<\/lazy-media-inline>\n\t\t\t\t\t\t<\/div>\n\t\t\t\t<div class=\"teaser-copy\">\n\t\t\t\t\t<div>\n\t\t\t\t\t\t<div class=\"teaser-header motion-item padding-top-minimal padding-bottom-minimal\"><div><h4 class=\"zeplin-teaserHeadline-M\">Kulturelle Bildung<\/h4><\/div><\/div>\n\t\t\t\t\t\t<div class=\"motion-item\"><p class=\"zeplin-teaserCopy clamp-3\">Berlins Museen haben auch im Sommer viel zu bieten. H\u00f6hepunkt des Berliner Kultursommers ist Ende August die Lange Nacht der Museen.<\/p><\/div>\n\t\t\t\t\t<\/div>\n\t\t\t\t<\/div>\n\t\t\t<\/div>\n\t\t<\/a>\n\t<\/div>\n<\/li>\n<li class=\"col-xs-8 col-sm-4 teaser-lane-slide teaser-projects col-padding-remove \">\n\t<div class=\"box\">\n\t\t<a href=\"https:\/\/kulturprojekte.berlin\/projekte\/diversitaetsentwicklung\/\" class=\"teaser teaser-page\">\n\t\t\t<div>\n\t\t\t\t<div class=\"teaser-image teaser-image-full motion-item\" aria-hidden=\"true\">\n\t\t\t\t\t\n\t\t<lazy-media-inline inline-template>\n\t\t\t<figure itemscope itemtype=\"http:\/\/schema.org\/ImageObject\" class=\"lazy-media-inline \" role=\"group\" id=\"media_69f39c35c59e5\">\n\t\t\t\t<script type=\"application\/json\" ref=\"data\">\n\t\t\t\t{\n\t\t\t\t\"sizes\" : {\"medium\":{\"file\":\"csm_INTERVENTIONEN_2017_Stadtrundgang_Kolonial_Gegenwart_und_Widerstand_in_Berlins_Mitte__c_Kulturprojekte_Berlin__Foto_Gianmarco_Bresadola_4ef245fd9c-300x200.jpg\",\"width\":300,\"height\":200,\"mime-type\":\"image\\\/jpeg\"},\"large\":{\"file\":\"csm_INTERVENTIONEN_2017_Stadtrundgang_Kolonial_Gegenwart_und_Widerstand_in_Berlins_Mitte__c_Kulturprojekte_Berlin__Foto_Gianmarco_Bresadola_4ef245fd9c-1024x683.jpg\",\"width\":1024,\"height\":683,\"mime-type\":\"image\\\/jpeg\"},\"thumbnail\":{\"file\":\"csm_INTERVENTIONEN_2017_Stadtrundgang_Kolonial_Gegenwart_und_Widerstand_in_Berlins_Mitte__c_Kulturprojekte_Berlin__Foto_Gianmarco_Bresadola_4ef245fd9c-150x100.jpg\",\"width\":150,\"height\":100,\"mime-type\":\"image\\\/jpeg\"},\"medium_large\":{\"file\":\"csm_INTERVENTIONEN_2017_Stadtrundgang_Kolonial_Gegenwart_und_Widerstand_in_Berlins_Mitte__c_Kulturprojekte_Berlin__Foto_Gianmarco_Bresadola_4ef245fd9c-768x512.jpg\",\"width\":768,\"height\":512,\"mime-type\":\"image\\\/jpeg\"},\"small\":{\"file\":\"csm_INTERVENTIONEN_2017_Stadtrundgang_Kolonial_Gegenwart_und_Widerstand_in_Berlins_Mitte__c_Kulturprojekte_Berlin__Foto_Gianmarco_Bresadola_4ef245fd9c-440x294.jpg\",\"width\":440,\"height\":294,\"mime-type\":\"image\\\/jpeg\"},\"semi\":{\"file\":\"csm_INTERVENTIONEN_2017_Stadtrundgang_Kolonial_Gegenwart_und_Widerstand_in_Berlins_Mitte__c_Kulturprojekte_Berlin__Foto_Gianmarco_Bresadola_4ef245fd9c-580x387.jpg\",\"width\":580,\"height\":387,\"mime-type\":\"image\\\/jpeg\"},\"mobile\":{\"file\":\"csm_INTERVENTIONEN_2017_Stadtrundgang_Kolonial_Gegenwart_und_Widerstand_in_Berlins_Mitte__c_Kulturprojekte_Berlin__Foto_Gianmarco_Bresadola_4ef245fd9c-720x480.jpg\",\"width\":720,\"height\":480,\"mime-type\":\"image\\\/jpeg\"},\"hd\":{\"file\":\"csm_INTERVENTIONEN_2017_Stadtrundgang_Kolonial_Gegenwart_und_Widerstand_in_Berlins_Mitte__c_Kulturprojekte_Berlin__Foto_Gianmarco_Bresadola_4ef245fd9c-1280x854.jpg\",\"width\":1280,\"height\":854,\"mime-type\":\"image\\\/jpeg\"},\"original\":{\"file\":\"csm_INTERVENTIONEN_2017_Stadtrundgang_Kolonial_Gegenwart_und_Widerstand_in_Berlins_Mitte__c_Kulturprojekte_Berlin__Foto_Gianmarco_Bresadola_4ef245fd9c.jpg\",\"width\":1400,\"height\":934}},\n\t\t\t\t\"alt\" : \"Eine Gruppe von Menschen stehen auf einem Gehweg und schauen nach oben.\",\n\t\t\t\t\"path\" : \"https:\\\/\\\/kultur-projekte.berlin\\\/wp-content\\\/uploads\\\/2020\\\/12\\\/\",\n\t\t\t\t\"video\" : null,\n\t\t\t\t\"autoplay\" : null,\n\t\t\t\t\"youtube\" : null,\n\t\t\t\t\"youtubelabel\" : \"Trailer abspielen\",\n\t\t\t\t\"brightness\" : 100,\n\t\t\t\t\"crop\" : {\"top\":\"29.60\",\"left\":\"30.45\"},\n\t\t\t\t\"background\" : true,\n\t\t\t\t\"scale\" : 2\t\t\t\t}\n\t\t\t\t<\/script>\n\t\t\t\t<div class=\"height-container\" style=\"padding-bottom:56%; \" v-if=\"sizes\">\n\t\t\t\t\t<lazy-media :inline=\"true\" :alt=\"alt\" :sizes=\"sizes\" :scale=\"scale\" :brightness=\"brightness\" :path=\"path\" :video=\"video\" :autoplay=\"autoplay\" :youtube=\"youtube\" :crop=\"crop\" :youtubelabel=\"youtubelabel\" :background=\"background\"><\/lazy-media>\n\t\t\t\t<\/div>\n\n\t\t\t\t\t\t\t<\/figure>\n\t\t<\/lazy-media-inline>\n\t\t\t\t\t\t<\/div>\n\t\t\t\t<div class=\"teaser-copy\">\n\t\t\t\t\t<div>\n\t\t\t\t\t\t<div class=\"teaser-header motion-item padding-top-minimal padding-bottom-minimal\"><div><h4 class=\"zeplin-teaserHeadline-M\">Diversit\u00e4tsentwicklung<\/h4><\/div><\/div>\n\t\t\t\t\t\t<div class=\"motion-item\"><p class=\"zeplin-teaserCopy clamp-3\">Das Berliner Projektb\u00fcro f\u00fcr Diversit\u00e4tsentwicklung st\u00e4rkt den diversit\u00e4tsorientierten Strukturwandel im Berliner Kulturbetrieb. <\/p><\/div>\n\t\t\t\t\t<\/div>\n\t\t\t\t<\/div>\n\t\t\t<\/div>\n\t\t<\/a>\n\t<\/div>\n<\/li>\n\t\t\t\t\t<\/ul>\n\t\t\t\t<\/div>\n\t\t\t<\/teaser-lane-with-buttons>\n\t\t\t<\/section>\n\n\n\n<section class=\"block block-footer-hog bg-black dark-mode nomargin\">\n\t<div class=\"container-fluid\">\n\t\t<div class=\"row padding-bottom-third\">\n\t\t\t<div class=\"col-xs-12 padding-top-half col-sm-9\">\n\t\t\t\t<h3 class=\"zeplin-subHead01\">Press<\/h3>\n\t\t\t\t\t\t\t\t\t<div class=\"copy padding-top-sixth\">\n\t\t\t\t\t\t<p>Interested in finding out more? Click here to visit our press area.<\/p>\n\t\t\t\t\t<\/div>\n\t\t\t\t\t\t\t<\/div>\n\t\t\t\t\t\t<div class=\"col-xs-12 col-sm-3 end-sm padding-top-two-thirds\">\n\t\t\t\t\t\t\t\t\t\t\t\t\t\t<a class=\"button-rectangle button-border\" href=\"\/en\/presse-medien\/\" role=\"button\" aria-pressed=\"false\">\n\t\t\t\t\t\t<span class=\"button-label\">press releases <\/span>\n\t\t\t\t\t<\/a>&nbsp;&nbsp;\n\t\t\t\t\t\t\t\t\t\t\t\t<\/div>\n\t\t\t\n\t\t\t\t\t<\/div>\n\t\t<div class=\"col-xs-12 border-color-medium-grey border-thickness-small border-position-top\"><\/div>\n\t<\/div>\n<\/section>","protected":false},"excerpt":{"rendered":"","protected":false},"author":11,"featured_media":1852,"template":"","project-type":[],"project-tag":[174],"class_list":["post-3686","projects","type-projects","status-publish","has-post-thumbnail","hentry","project-tag-consulting"],"acf":[],"_links":{"self":[{"href":"https:\/\/kulturprojekte.berlin\/en\/wp-json\/wp\/v2\/projects\/3686","targetHints":{"allow":["GET"]}}],"collection":[{"href":"https:\/\/kulturprojekte.berlin\/en\/wp-json\/wp\/v2\/projects"}],"about":[{"href":"https:\/\/kulturprojekte.berlin\/en\/wp-json\/wp\/v2\/types\/projects"}],"author":[{"embeddable":true,"href":"https:\/\/kulturprojekte.berlin\/en\/wp-json\/wp\/v2\/users\/11"}],"version-history":[{"count":2,"href":"https:\/\/kulturprojekte.berlin\/en\/wp-json\/wp\/v2\/projects\/3686\/revisions"}],"predecessor-version":[{"id":14015,"href":"https:\/\/kulturprojekte.berlin\/en\/wp-json\/wp\/v2\/projects\/3686\/revisions\/14015"}],"wp:featuredmedia":[{"embeddable":true,"href":"https:\/\/kulturprojekte.berlin\/en\/wp-json\/wp\/v2\/media\/1852"}],"wp:attachment":[{"href":"https:\/\/kulturprojekte.berlin\/en\/wp-json\/wp\/v2\/media?parent=3686"}],"wp:term":[{"taxonomy":"project-type","embeddable":true,"href":"https:\/\/kulturprojekte.berlin\/en\/wp-json\/wp\/v2\/project-type?post=3686"},{"taxonomy":"project-tag","embeddable":true,"href":"https:\/\/kulturprojekte.berlin\/en\/wp-json\/wp\/v2\/project-tag?post=3686"}],"curies":[{"name":"wp","href":"https:\/\/api.w.org\/{rel}","templated":true}]}}